{"id":1729,"date":"2022-07-27T15:31:49","date_gmt":"2022-07-27T13:31:49","guid":{"rendered":"https:\/\/digital.mittelhessen.eu\/?post_type=unternehmen&#038;p=1729"},"modified":"2025-01-09T19:53:02","modified_gmt":"2025-01-09T18:53:02","slug":"ibo-akademie","status":"publish","type":"unternehmen","link":"https:\/\/digital.mittelhessen.eu\/index.php\/unternehmen\/ibo-akademie\/","title":{"rendered":"ibo Akademie"},"content":{"rendered":"<header class=\"frame-header\"><strong>Zukunftsorientierte Kompetenz- und Organisationsentwicklung<\/strong><\/p>\n<h5 class=\"element-subheader text-center\"><strong>Das Ich gestaltet das Wir!<\/strong><\/h5>\n<\/header>\n<p class=\"text-center\">Jede Ver\u00e4nderung, jeder Lernprozess beginnt bei der kleinsten und gleichzeitig wichtigsten organisatorischen Einheit \u2013 dem Menschen! Bei Dir! Wir in der ibo Akademie sind der festen \u00dcberzeugung, dass Organisationsentwicklung und pers\u00f6nliche Entwicklung untrennbar miteinander verbunden sind. Und sich zu ver\u00e4ndern bedeutet offen zu sein f\u00fcr Neues.<\/p>\n<p>Wir begleiten Dich, Dein Team und Deine Organisation bei dieser Entwicklung.\u00a0Unsere\u00a0Weiterbildungen und Lernimpulse sind von \u201eA\u201c wie \u201eanschlussf\u00e4hig\u201c bis \u201eZ\u201c wie \u201ezertifiziert\u201c \u2013 wir bieten Dir mit unserem 360\u00b0-Portfolio den passenden Mix aus Lernformen, Lernformaten und Lerninhalten. Begebe Dich mit uns auf Deine pers\u00f6nliche Lernreise und entwickle Dich und Deine Organisation.<\/p>\n<p style=\"text-align: left;\"><strong>F\u00fcr Unternehmen:<\/strong><\/p>\n<div id=\"c1482\" class=\"frame frame-size-default frame-default frame-type-text frame-layout-default frame-background-none frame-no-backgroundimage frame-space-before-none frame-space-after-none\">\n<div class=\"frame-group-container\">\n<div class=\"frame-group-inner\">\n<div class=\"frame-container frame-container-default\">\n<div class=\"frame-inner\">\n<p class=\"text-center\">Die Bedingungen der VUCA-Welt machen die Gestaltung einer Lernkultur, die selbstgesteuertes und selbstorganisiertes Lernen erm\u00f6glicht, zur zentralen Aufgabe der Personalentwicklung im Unternehmen. Eine Entwicklung hin zur selbstlernenden Organisation bedeutet f\u00fcr die Mitarbeiter:innen der Personalentwicklung, eine Unternehmens- und F\u00fchrungskultur zu schaffen, in der die Selbstorganisation von Lernprozessen m\u00f6glich ist und gef\u00f6rdert wird. Und es bedeutet, eine Lernarchitektur auf inhaltlicher und technologischer Ebene zu gestalten.<br \/>\nSprechen Sie mit uns \u00fcber Ihre Schwerpunkte.<\/p>\n<\/div>\n<\/div>\n<\/div>\n<\/div>\n<\/div>\n<p style=\"text-align: left;\"><strong>Leistungen:<\/strong><\/p>\n<ul>\n<li>Entwicklungsprogramm<\/li>\n<li>offene Seminare<\/li>\n<li>&#8222;Praxisbegleitung und -Transfer&#8220; &#8211; on-the-job<\/li>\n<\/ul>\n<p>Weitere Informationen unter: <a href=\"https:\/\/www.ibo.de\/\">https:\/\/www.ibo.de\/<\/a><\/p>\n<p style=\"text-align: left;\"><strong>Standort:<\/strong><br \/>\nibo Akademie GmbH<br \/>\nIm Westpark 8<br \/>\nD-35435 Wettenberg<br \/>\n<a href=\"tel:+4964198210300\">+49 641 98210-300<\/a><br \/>\n<a href=\"mailto:training@ibo.de\">training@ibo.de<\/a><\/p>\n","protected":false},"excerpt":{"rendered":"<p>Zukunftsorientierte Kompetenz- und Organisationsentwicklung Das Ich gestaltet das Wir! Jede Ver\u00e4nderung, jeder Lernprozess beginnt bei der kleinsten und gleichzeitig wichtigsten organisatorischen Einheit \u2013 dem Menschen! Bei Dir! Wir in der ibo Akademie sind der festen \u00dcberzeugung, dass Organisationsentwicklung und pers\u00f6nliche Entwicklung untrennbar miteinander verbunden sind. Und sich zu ver\u00e4ndern bedeutet offen zu sein f\u00fcr Neues. [&hellip;]<\/p>\n","protected":false},"featured_media":1730,"template":"","class_list":["post-1729","unternehmen","type-unternehmen","status-publish","has-post-thumbnail","hentry"],"acf":[],"yoast_head":"<!-- This site is optimized with the Yoast SEO plugin v26.0 - https:\/\/yoast.com\/wordpress\/plugins\/seo\/ -->\n<title>ibo Akademie - digital.mittelhessen<\/title>\n<meta name=\"robots\" content=\"index, follow, max-snippet:-1, max-image-preview:large, max-video-preview:-1\" \/>\n<link rel=\"canonical\" href=\"https:\/\/digital.mittelhessen.eu\/index.php\/unternehmen\/ibo-akademie\/\" \/>\n<meta property=\"og:locale\" content=\"de_DE\" \/>\n<meta property=\"og:type\" content=\"article\" \/>\n<meta property=\"og:title\" content=\"ibo Akademie - digital.mittelhessen\" \/>\n<meta property=\"og:description\" content=\"Zukunftsorientierte Kompetenz- und Organisationsentwicklung Das Ich gestaltet das Wir! Jede Ver\u00e4nderung, jeder Lernprozess beginnt bei der kleinsten und gleichzeitig wichtigsten organisatorischen Einheit \u2013 dem Menschen! Bei Dir! Wir in der ibo Akademie sind der festen \u00dcberzeugung, dass Organisationsentwicklung und pers\u00f6nliche Entwicklung untrennbar miteinander verbunden sind. Und sich zu ver\u00e4ndern bedeutet offen zu sein f\u00fcr Neues. [&hellip;]\" \/>\n<meta property=\"og:url\" content=\"https:\/\/digital.mittelhessen.eu\/index.php\/unternehmen\/ibo-akademie\/\" \/>\n<meta property=\"og:site_name\" content=\"digital.mittelhessen\" \/>\n<meta property=\"article:modified_time\" content=\"2025-01-09T18:53:02+00:00\" \/>\n<meta property=\"og:image\" content=\"https:\/\/digital.mittelhessen.eu\/wp-content\/uploads\/2022\/07\/ibo_logo.png\" \/>\n\t<meta property=\"og:image:width\" content=\"369\" \/>\n\t<meta property=\"og:image:height\" content=\"369\" \/>\n\t<meta property=\"og:image:type\" content=\"image\/png\" \/>\n<meta name=\"twitter:card\" content=\"summary_large_image\" \/>\n<meta name=\"twitter:label1\" content=\"Gesch\u00e4tzte Lesezeit\" \/>\n\t<meta name=\"twitter:data1\" content=\"2\u00a0Minuten\" \/>\n<script type=\"application\/ld+json\" class=\"yoast-schema-graph\">{\"@context\":\"https:\/\/schema.org\",\"@graph\":[{\"@type\":\"WebPage\",\"@id\":\"https:\/\/digital.mittelhessen.eu\/index.php\/unternehmen\/ibo-akademie\/\",\"url\":\"https:\/\/digital.mittelhessen.eu\/index.php\/unternehmen\/ibo-akademie\/\",\"name\":\"ibo Akademie - digital.mittelhessen\",\"isPartOf\":{\"@id\":\"https:\/\/digital.mittelhessen.eu\/#website\"},\"primaryImageOfPage\":{\"@id\":\"https:\/\/digital.mittelhessen.eu\/index.php\/unternehmen\/ibo-akademie\/#primaryimage\"},\"image\":{\"@id\":\"https:\/\/digital.mittelhessen.eu\/index.php\/unternehmen\/ibo-akademie\/#primaryimage\"},\"thumbnailUrl\":\"https:\/\/digital.mittelhessen.eu\/wp-content\/uploads\/2022\/07\/ibo_logo.png\",\"datePublished\":\"2022-07-27T13:31:49+00:00\",\"dateModified\":\"2025-01-09T18:53:02+00:00\",\"breadcrumb\":{\"@id\":\"https:\/\/digital.mittelhessen.eu\/index.php\/unternehmen\/ibo-akademie\/#breadcrumb\"},\"inLanguage\":\"de\",\"potentialAction\":[{\"@type\":\"ReadAction\",\"target\":[\"https:\/\/digital.mittelhessen.eu\/index.php\/unternehmen\/ibo-akademie\/\"]}]},{\"@type\":\"ImageObject\",\"inLanguage\":\"de\",\"@id\":\"https:\/\/digital.mittelhessen.eu\/index.php\/unternehmen\/ibo-akademie\/#primaryimage\",\"url\":\"https:\/\/digital.mittelhessen.eu\/wp-content\/uploads\/2022\/07\/ibo_logo.png\",\"contentUrl\":\"https:\/\/digital.mittelhessen.eu\/wp-content\/uploads\/2022\/07\/ibo_logo.png\",\"width\":369,\"height\":369},{\"@type\":\"BreadcrumbList\",\"@id\":\"https:\/\/digital.mittelhessen.eu\/index.php\/unternehmen\/ibo-akademie\/#breadcrumb\",\"itemListElement\":[{\"@type\":\"ListItem\",\"position\":1,\"name\":\"Home\",\"item\":\"https:\/\/digital.mittelhessen.eu\/\"},{\"@type\":\"ListItem\",\"position\":2,\"name\":\"ibo Akademie\"}]},{\"@type\":\"WebSite\",\"@id\":\"https:\/\/digital.mittelhessen.eu\/#website\",\"url\":\"https:\/\/digital.mittelhessen.eu\/\",\"name\":\"digital.mittelhessen\",\"description\":\"\",\"publisher\":{\"@id\":\"https:\/\/digital.mittelhessen.eu\/#organization\"},\"potentialAction\":[{\"@type\":\"SearchAction\",\"target\":{\"@type\":\"EntryPoint\",\"urlTemplate\":\"https:\/\/digital.mittelhessen.eu\/?s={search_term_string}\"},\"query-input\":{\"@type\":\"PropertyValueSpecification\",\"valueRequired\":true,\"valueName\":\"search_term_string\"}}],\"inLanguage\":\"de\"},{\"@type\":\"Organization\",\"@id\":\"https:\/\/digital.mittelhessen.eu\/#organization\",\"name\":\"digital.mittelhessen\",\"url\":\"https:\/\/digital.mittelhessen.eu\/\",\"logo\":{\"@type\":\"ImageObject\",\"inLanguage\":\"de\",\"@id\":\"https:\/\/digital.mittelhessen.eu\/#\/schema\/logo\/image\/\",\"url\":\"https:\/\/digital.mittelhessen.eu\/wp-content\/uploads\/2022\/10\/mittelhessen_digital_logo_2c_weiss_1024px.png\",\"contentUrl\":\"https:\/\/digital.mittelhessen.eu\/wp-content\/uploads\/2022\/10\/mittelhessen_digital_logo_2c_weiss_1024px.png\",\"width\":1024,\"height\":476,\"caption\":\"digital.mittelhessen\"},\"image\":{\"@id\":\"https:\/\/digital.mittelhessen.eu\/#\/schema\/logo\/image\/\"}}]}<\/script>\n<!-- \/ Yoast SEO plugin. -->","yoast_head_json":{"title":"ibo Akademie - digital.mittelhessen","robots":{"index":"index","follow":"follow","max-snippet":"max-snippet:-1","max-image-preview":"max-image-preview:large","max-video-preview":"max-video-preview:-1"},"canonical":"https:\/\/digital.mittelhessen.eu\/index.php\/unternehmen\/ibo-akademie\/","og_locale":"de_DE","og_type":"article","og_title":"ibo Akademie - digital.mittelhessen","og_description":"Zukunftsorientierte Kompetenz- und Organisationsentwicklung Das Ich gestaltet das Wir! Jede Ver\u00e4nderung, jeder Lernprozess beginnt bei der kleinsten und gleichzeitig wichtigsten organisatorischen Einheit \u2013 dem Menschen! Bei Dir! Wir in der ibo Akademie sind der festen \u00dcberzeugung, dass Organisationsentwicklung und pers\u00f6nliche Entwicklung untrennbar miteinander verbunden sind. Und sich zu ver\u00e4ndern bedeutet offen zu sein f\u00fcr Neues. [&hellip;]","og_url":"https:\/\/digital.mittelhessen.eu\/index.php\/unternehmen\/ibo-akademie\/","og_site_name":"digital.mittelhessen","article_modified_time":"2025-01-09T18:53:02+00:00","og_image":[{"width":369,"height":369,"url":"https:\/\/digital.mittelhessen.eu\/wp-content\/uploads\/2022\/07\/ibo_logo.png","type":"image\/png"}],"twitter_card":"summary_large_image","twitter_misc":{"Gesch\u00e4tzte Lesezeit":"2\u00a0Minuten"},"schema":{"@context":"https:\/\/schema.org","@graph":[{"@type":"WebPage","@id":"https:\/\/digital.mittelhessen.eu\/index.php\/unternehmen\/ibo-akademie\/","url":"https:\/\/digital.mittelhessen.eu\/index.php\/unternehmen\/ibo-akademie\/","name":"ibo Akademie - digital.mittelhessen","isPartOf":{"@id":"https:\/\/digital.mittelhessen.eu\/#website"},"primaryImageOfPage":{"@id":"https:\/\/digital.mittelhessen.eu\/index.php\/unternehmen\/ibo-akademie\/#primaryimage"},"image":{"@id":"https:\/\/digital.mittelhessen.eu\/index.php\/unternehmen\/ibo-akademie\/#primaryimage"},"thumbnailUrl":"https:\/\/digital.mittelhessen.eu\/wp-content\/uploads\/2022\/07\/ibo_logo.png","datePublished":"2022-07-27T13:31:49+00:00","dateModified":"2025-01-09T18:53:02+00:00","breadcrumb":{"@id":"https:\/\/digital.mittelhessen.eu\/index.php\/unternehmen\/ibo-akademie\/#breadcrumb"},"inLanguage":"de","potentialAction":[{"@type":"ReadAction","target":["https:\/\/digital.mittelhessen.eu\/index.php\/unternehmen\/ibo-akademie\/"]}]},{"@type":"ImageObject","inLanguage":"de","@id":"https:\/\/digital.mittelhessen.eu\/index.php\/unternehmen\/ibo-akademie\/#primaryimage","url":"https:\/\/digital.mittelhessen.eu\/wp-content\/uploads\/2022\/07\/ibo_logo.png","contentUrl":"https:\/\/digital.mittelhessen.eu\/wp-content\/uploads\/2022\/07\/ibo_logo.png","width":369,"height":369},{"@type":"BreadcrumbList","@id":"https:\/\/digital.mittelhessen.eu\/index.php\/unternehmen\/ibo-akademie\/#breadcrumb","itemListElement":[{"@type":"ListItem","position":1,"name":"Home","item":"https:\/\/digital.mittelhessen.eu\/"},{"@type":"ListItem","position":2,"name":"ibo Akademie"}]},{"@type":"WebSite","@id":"https:\/\/digital.mittelhessen.eu\/#website","url":"https:\/\/digital.mittelhessen.eu\/","name":"digital.mittelhessen","description":"","publisher":{"@id":"https:\/\/digital.mittelhessen.eu\/#organization"},"potentialAction":[{"@type":"SearchAction","target":{"@type":"EntryPoint","urlTemplate":"https:\/\/digital.mittelhessen.eu\/?s={search_term_string}"},"query-input":{"@type":"PropertyValueSpecification","valueRequired":true,"valueName":"search_term_string"}}],"inLanguage":"de"},{"@type":"Organization","@id":"https:\/\/digital.mittelhessen.eu\/#organization","name":"digital.mittelhessen","url":"https:\/\/digital.mittelhessen.eu\/","logo":{"@type":"ImageObject","inLanguage":"de","@id":"https:\/\/digital.mittelhessen.eu\/#\/schema\/logo\/image\/","url":"https:\/\/digital.mittelhessen.eu\/wp-content\/uploads\/2022\/10\/mittelhessen_digital_logo_2c_weiss_1024px.png","contentUrl":"https:\/\/digital.mittelhessen.eu\/wp-content\/uploads\/2022\/10\/mittelhessen_digital_logo_2c_weiss_1024px.png","width":1024,"height":476,"caption":"digital.mittelhessen"},"image":{"@id":"https:\/\/digital.mittelhessen.eu\/#\/schema\/logo\/image\/"}}]}},"_links":{"self":[{"href":"https:\/\/digital.mittelhessen.eu\/index.php\/wp-json\/wp\/v2\/unternehmen\/1729","targetHints":{"allow":["GET"]}}],"collection":[{"href":"https:\/\/digital.mittelhessen.eu\/index.php\/wp-json\/wp\/v2\/unternehmen"}],"about":[{"href":"https:\/\/digital.mittelhessen.eu\/index.php\/wp-json\/wp\/v2\/types\/unternehmen"}],"wp:featuredmedia":[{"embeddable":true,"href":"https:\/\/digital.mittelhessen.eu\/index.php\/wp-json\/wp\/v2\/media\/1730"}],"wp:attachment":[{"href":"https:\/\/digital.mittelhessen.eu\/index.php\/wp-json\/wp\/v2\/media?parent=1729"}],"curies":[{"name":"wp","href":"https:\/\/api.w.org\/{rel}","templated":true}]}}